{"id":114,"date":"2026-03-23T13:26:07","date_gmt":"2026-03-23T12:26:07","guid":{"rendered":"https:\/\/site17.monsitecommeunpro.fr\/?page_id=114"},"modified":"2026-03-23T14:21:31","modified_gmt":"2026-03-23T13:21:31","slug":"fermeture-exceptionnelle","status":"publish","type":"page","link":"https:\/\/site17.monsitecommeunpro.fr\/?page_id=114","title":{"rendered":"S\u00e9jour Aux Gorges"},"content":{"rendered":"\n<p class=\"has-black-color has-text-color has-link-color wp-elements-8a55157e7939b08264d5ec7be2a90157\">Bienvenue sur la page d&rsquo;information de notre excursion exceptionnelle ! En raison de la fermeture de notre boutique le 14 mai, nous vous proposons de passer un s\u00e9jour au c\u0153ur de la nature.<\/p>\n\n\n\n<p class=\"has-black-color has-text-color has-link-color wp-elements-0824a8f64246bd1f8dfa1e7b23e01ec9\"><strong>Le concept :<\/strong>&nbsp;Un s\u00e9jour de 4 jours (3 nuits) du&nbsp;<strong>jeudi 14 mai au dimanche 17 mai<\/strong>, combinant h\u00e9bergement confortable et randonn\u00e9es guid\u00e9es dans le plus grand canyon d&rsquo;Europe.<\/p>\n\n\n\n<p class=\"has-black-color has-text-color has-link-color wp-elements-32500eefd0cfc31e823e5e48c2881d38\"><strong>Inclus dans le s\u00e9jour :<\/strong><\/p>\n\n\n\n<ul class=\"wp-block-list\">\n<li class=\"has-black-color has-text-color has-link-color wp-elements-e6f7f42cc3f0c9c7b6a8726cf1c83f9a\">Le transport aller-retour en autocar depuis la salle de sport.<\/li>\n\n\n\n<li class=\"has-black-color has-text-color has-link-color wp-elements-dad0921539f37b9aa9bf27d50fc91bd8\">L&rsquo;h\u00e9bergement en demi-pension (petit-d\u00e9jeuner et d\u00eener).<\/li>\n\n\n\n<li class=\"has-black-color has-text-color has-link-color wp-elements-10a7ac56ced6127ae09e03d69ec92a50\">L&rsquo;encadrement par des guides professionnels agr\u00e9\u00e9s.<\/li>\n\n\n\n<li class=\"has-black-color has-text-color has-link-color wp-elements-f6af8d0df19bb69d539af3515c84c6ea\">Les transferts en navette vers les d\u00e9parts de sentiers (si applicable).<\/li>\n<\/ul>\n\n\n\n<p class=\"has-black-color has-text-color has-link-color wp-elements-b6489ba58de5307cf45c60ce71ea6452\"><strong>Organisation Mat\u00e9rielle (Votre Kit Rando) :<\/strong>&nbsp;Pour votre s\u00e9curit\u00e9 et votre confort, vous devrez vous munir de :<\/p>\n\n\n\n<ul class=\"wp-block-list\">\n<li class=\"has-black-color has-text-color has-link-color wp-elements-ec3ac83277a976477e82b19a8ec500d4\">Bonnes chaussures de randonn\u00e9e (d\u00e9j\u00e0 port\u00e9es).<\/li>\n\n\n\n<li class=\"has-black-color has-text-color has-link-color wp-elements-9fc9cc994fea3a88c5342c8dfe9826b6\">Sac \u00e0 dos de 20-30 litres.<\/li>\n\n\n\n<li class=\"has-black-color has-text-color has-link-color wp-elements-f8e502b6ab8fd41844870f1c6e7d3bf6\">Protection solaire (lunettes, cr\u00e8me, chapeau).<\/li>\n\n\n\n<li class=\"has-black-color has-text-color has-link-color wp-elements-0f4161597b9d5869b0934af53aa82f89\">Gourde de 2 litres minimum (il fera chaud !).<\/li>\n\n\n\n<li class=\"has-black-color has-text-color has-link-color wp-elements-f77aaa0fedfce7d8995bb9767a409837\">V\u00eatements adapt\u00e9s \u00e0 la montagne (multi-couches, coupe-vent).<\/li>\n<\/ul>\n\n\n\n<figure class=\"wp-block-gallery has-nested-images columns-default is-cropped wp-block-gallery-1 is-layout-flex wp-block-gallery-is-layout-flex\">\n<figure class=\"wp-block-image size-large\"><a href=\"https:\/\/drive.google.com\/file\/d\/1j57qNzW_1UwXtYtId7k1JBA9MxcXuKn3\/view?usp=classroom_web&amp;authuser=0\" target=\"_blank\" rel=\" noreferrer noopener\"><img loading=\"lazy\" decoding=\"async\" width=\"1024\" height=\"538\" data-id=\"118\" src=\"https:\/\/site17.monsitecommeunpro.fr\/wp-content\/uploads\/2026\/03\/gorges_verdon_dt-1024x538.jpg\" alt=\"\" class=\"wp-image-118\" srcset=\"https:\/\/site17.monsitecommeunpro.fr\/wp-content\/uploads\/2026\/03\/gorges_verdon_dt-1024x538.jpg 1024w, https:\/\/site17.monsitecommeunpro.fr\/wp-content\/uploads\/2026\/03\/gorges_verdon_dt-300x158.jpg 300w, https:\/\/site17.monsitecommeunpro.fr\/wp-content\/uploads\/2026\/03\/gorges_verdon_dt-768x403.jpg 768w, https:\/\/site17.monsitecommeunpro.fr\/wp-content\/uploads\/2026\/03\/gorges_verdon_dt.jpg 1200w\" sizes=\"auto, (max-width: 1024px) 100vw, 1024px\" \/><\/a><figcaption class=\"wp-element-caption\">Nous vous invitons \u00e0 venir passer un s\u00e9jour aux GORGES DU VERDON en notre compagnie ! T\u00e9l\u00e9charger votre bulletin d&rsquo;inscription en cliquant ICI !<\/figcaption><\/figure>\n<\/figure>\n\n\n\n<p><\/p>\n","protected":false},"excerpt":{"rendered":"<p>Bienvenue sur la page d&rsquo;information de notre excursion exceptionnelle ! En raison de la fermeture de notre boutique le 14 [&hellip;]<\/p>\n","protected":false},"author":1,"featured_media":0,"parent":0,"menu_order":0,"comment_status":"closed","ping_status":"closed","template":"","meta":{"site-sidebar-layout":"default","site-content-layout":"","ast-site-content-layout":"default","site-content-style":"default","site-sidebar-style":"default","ast-global-header-display":"","ast-banner-title-visibility":"","ast-main-header-display":"","ast-hfb-above-header-display":"","ast-hfb-below-header-display":"","ast-hfb-mobile-header-display":"","site-post-title":"","ast-breadcrumbs-content":"","ast-featured-img":"","footer-sml-layout":"","theme-transparent-header-meta":"","adv-header-id-meta":"","stick-header-meta":"","header-above-stick-meta":"","header-main-stick-meta":"","header-below-stick-meta":"","astra-migrate-meta-layouts":"default","ast-page-background-enabled":"default","ast-page-background-meta":{"desktop":{"background-color":"var(--ast-global-color-5)","background-image":"","background-repeat":"repeat","background-position":"center center","background-size":"auto","background-attachment":"scroll","background-type":"","background-media":"","overlay-type":"","overlay-color":"","overlay-opacity":"","overlay-gradient":""},"tablet":{"background-color":"","background-image":"","background-repeat":"repeat","background-position":"center center","background-size":"auto","background-attachment":"scroll","background-type":"","background-media":"","overlay-type":"","overlay-color":"","overlay-opacity":"","overlay-gradient":""},"mobile":{"background-color":"","background-image":"","background-repeat":"repeat","background-position":"center center","background-size":"auto","background-attachment":"scroll","background-type":"","background-media":"","overlay-type":"","overlay-color":"","overlay-opacity":"","overlay-gradient":""}},"ast-content-background-meta":{"desktop":{"background-color":"var(--ast-global-color-4)","background-image":"","background-repeat":"repeat","background-position":"center center","background-size":"auto","background-attachment":"scroll","background-type":"","background-media":"","overlay-type":"","overlay-color":"","overlay-opacity":"","overlay-gradient":""},"tablet":{"background-color":"var(--ast-global-color-4)","background-image":"","background-repeat":"repeat","background-position":"center center","background-size":"auto","background-attachment":"scroll","background-type":"","background-media":"","overlay-type":"","overlay-color":"","overlay-opacity":"","overlay-gradient":""},"mobile":{"background-color":"var(--ast-global-color-4)","background-image":"","background-repeat":"repeat","background-position":"center center","background-size":"auto","background-attachment":"scroll","background-type":"","background-media":"","overlay-type":"","overlay-color":"","overlay-opacity":"","overlay-gradient":""}},"footnotes":""},"class_list":["post-114","page","type-page","status-publish","hentry"],"yoast_head":"<!-- This site is optimized with the Yoast SEO plugin v27.4 - https:\/\/yoast.com\/product\/yoast-seo-wordpress\/ -->\n<title>S\u00e9jour Aux Gorges -<\/title>\n<meta name=\"robots\" content=\"index, follow, max-snippet:-1, max-image-preview:large, max-video-preview:-1\" \/>\n<link rel=\"canonical\" href=\"https:\/\/site17.monsitecommeunpro.fr\/?page_id=114\" \/>\n<meta property=\"og:locale\" content=\"fr_FR\" \/>\n<meta property=\"og:type\" content=\"article\" \/>\n<meta property=\"og:title\" content=\"S\u00e9jour Aux Gorges -\" \/>\n<meta property=\"og:description\" content=\"Bienvenue sur la page d&rsquo;information de notre excursion exceptionnelle ! En raison de la fermeture de notre boutique le 14 [&hellip;]\" \/>\n<meta property=\"og:url\" content=\"https:\/\/site17.monsitecommeunpro.fr\/?page_id=114\" \/>\n<meta property=\"article:modified_time\" content=\"2026-03-23T13:21:31+00:00\" \/>\n<meta property=\"og:image\" content=\"https:\/\/site17.monsitecommeunpro.fr\/wp-content\/uploads\/2026\/03\/gorges_verdon_dt.jpg\" \/>\n\t<meta property=\"og:image:width\" content=\"1200\" \/>\n\t<meta property=\"og:image:height\" content=\"630\" \/>\n\t<meta property=\"og:image:type\" content=\"image\/jpeg\" \/>\n<meta name=\"twitter:card\" content=\"summary_large_image\" \/>\n<meta name=\"twitter:label1\" content=\"Dur\u00e9e de lecture estim\u00e9e\" \/>\n\t<meta name=\"twitter:data1\" content=\"1 minute\" \/>\n<script type=\"application\/ld+json\" class=\"yoast-schema-graph\">{\"@context\":\"https:\\\/\\\/schema.org\",\"@graph\":[{\"@type\":\"WebPage\",\"@id\":\"https:\\\/\\\/site17.monsitecommeunpro.fr\\\/?page_id=114\",\"url\":\"https:\\\/\\\/site17.monsitecommeunpro.fr\\\/?page_id=114\",\"name\":\"S\u00e9jour Aux Gorges -\",\"isPartOf\":{\"@id\":\"https:\\\/\\\/site17.monsitecommeunpro.fr\\\/#website\"},\"primaryImageOfPage\":{\"@id\":\"https:\\\/\\\/site17.monsitecommeunpro.fr\\\/?page_id=114#primaryimage\"},\"image\":{\"@id\":\"https:\\\/\\\/site17.monsitecommeunpro.fr\\\/?page_id=114#primaryimage\"},\"thumbnailUrl\":\"https:\\\/\\\/site17.monsitecommeunpro.fr\\\/wp-content\\\/uploads\\\/2026\\\/03\\\/gorges_verdon_dt-1024x538.jpg\",\"datePublished\":\"2026-03-23T12:26:07+00:00\",\"dateModified\":\"2026-03-23T13:21:31+00:00\",\"breadcrumb\":{\"@id\":\"https:\\\/\\\/site17.monsitecommeunpro.fr\\\/?page_id=114#breadcrumb\"},\"inLanguage\":\"fr-FR\",\"potentialAction\":[{\"@type\":\"ReadAction\",\"target\":[\"https:\\\/\\\/site17.monsitecommeunpro.fr\\\/?page_id=114\"]}]},{\"@type\":\"ImageObject\",\"inLanguage\":\"fr-FR\",\"@id\":\"https:\\\/\\\/site17.monsitecommeunpro.fr\\\/?page_id=114#primaryimage\",\"url\":\"https:\\\/\\\/site17.monsitecommeunpro.fr\\\/wp-content\\\/uploads\\\/2026\\\/03\\\/gorges_verdon_dt.jpg\",\"contentUrl\":\"https:\\\/\\\/site17.monsitecommeunpro.fr\\\/wp-content\\\/uploads\\\/2026\\\/03\\\/gorges_verdon_dt.jpg\",\"width\":1200,\"height\":630},{\"@type\":\"BreadcrumbList\",\"@id\":\"https:\\\/\\\/site17.monsitecommeunpro.fr\\\/?page_id=114#breadcrumb\",\"itemListElement\":[{\"@type\":\"ListItem\",\"position\":1,\"name\":\"Accueil\",\"item\":\"https:\\\/\\\/site17.monsitecommeunpro.fr\\\/\"},{\"@type\":\"ListItem\",\"position\":2,\"name\":\"S\u00e9jour Aux Gorges\"}]},{\"@type\":\"WebSite\",\"@id\":\"https:\\\/\\\/site17.monsitecommeunpro.fr\\\/#website\",\"url\":\"https:\\\/\\\/site17.monsitecommeunpro.fr\\\/\",\"name\":\"\",\"description\":\"L&#039;\u00c9L\u00c9GANCE EN H\u00c9RITAGE\",\"potentialAction\":[{\"@type\":\"SearchAction\",\"target\":{\"@type\":\"EntryPoint\",\"urlTemplate\":\"https:\\\/\\\/site17.monsitecommeunpro.fr\\\/?s={search_term_string}\"},\"query-input\":{\"@type\":\"PropertyValueSpecification\",\"valueRequired\":true,\"valueName\":\"search_term_string\"}}],\"inLanguage\":\"fr-FR\"}]}<\/script>\n<!-- \/ Yoast SEO plugin. -->","yoast_head_json":{"title":"S\u00e9jour Aux Gorges -","robots":{"index":"index","follow":"follow","max-snippet":"max-snippet:-1","max-image-preview":"max-image-preview:large","max-video-preview":"max-video-preview:-1"},"canonical":"https:\/\/site17.monsitecommeunpro.fr\/?page_id=114","og_locale":"fr_FR","og_type":"article","og_title":"S\u00e9jour Aux Gorges -","og_description":"Bienvenue sur la page d&rsquo;information de notre excursion exceptionnelle ! En raison de la fermeture de notre boutique le 14 [&hellip;]","og_url":"https:\/\/site17.monsitecommeunpro.fr\/?page_id=114","article_modified_time":"2026-03-23T13:21:31+00:00","og_image":[{"width":1200,"height":630,"url":"https:\/\/site17.monsitecommeunpro.fr\/wp-content\/uploads\/2026\/03\/gorges_verdon_dt.jpg","type":"image\/jpeg"}],"twitter_card":"summary_large_image","twitter_misc":{"Dur\u00e9e de lecture estim\u00e9e":"1 minute"},"schema":{"@context":"https:\/\/schema.org","@graph":[{"@type":"WebPage","@id":"https:\/\/site17.monsitecommeunpro.fr\/?page_id=114","url":"https:\/\/site17.monsitecommeunpro.fr\/?page_id=114","name":"S\u00e9jour Aux Gorges -","isPartOf":{"@id":"https:\/\/site17.monsitecommeunpro.fr\/#website"},"primaryImageOfPage":{"@id":"https:\/\/site17.monsitecommeunpro.fr\/?page_id=114#primaryimage"},"image":{"@id":"https:\/\/site17.monsitecommeunpro.fr\/?page_id=114#primaryimage"},"thumbnailUrl":"https:\/\/site17.monsitecommeunpro.fr\/wp-content\/uploads\/2026\/03\/gorges_verdon_dt-1024x538.jpg","datePublished":"2026-03-23T12:26:07+00:00","dateModified":"2026-03-23T13:21:31+00:00","breadcrumb":{"@id":"https:\/\/site17.monsitecommeunpro.fr\/?page_id=114#breadcrumb"},"inLanguage":"fr-FR","potentialAction":[{"@type":"ReadAction","target":["https:\/\/site17.monsitecommeunpro.fr\/?page_id=114"]}]},{"@type":"ImageObject","inLanguage":"fr-FR","@id":"https:\/\/site17.monsitecommeunpro.fr\/?page_id=114#primaryimage","url":"https:\/\/site17.monsitecommeunpro.fr\/wp-content\/uploads\/2026\/03\/gorges_verdon_dt.jpg","contentUrl":"https:\/\/site17.monsitecommeunpro.fr\/wp-content\/uploads\/2026\/03\/gorges_verdon_dt.jpg","width":1200,"height":630},{"@type":"BreadcrumbList","@id":"https:\/\/site17.monsitecommeunpro.fr\/?page_id=114#breadcrumb","itemListElement":[{"@type":"ListItem","position":1,"name":"Accueil","item":"https:\/\/site17.monsitecommeunpro.fr\/"},{"@type":"ListItem","position":2,"name":"S\u00e9jour Aux Gorges"}]},{"@type":"WebSite","@id":"https:\/\/site17.monsitecommeunpro.fr\/#website","url":"https:\/\/site17.monsitecommeunpro.fr\/","name":"","description":"L&#039;\u00c9L\u00c9GANCE EN H\u00c9RITAGE","potentialAction":[{"@type":"SearchAction","target":{"@type":"EntryPoint","urlTemplate":"https:\/\/site17.monsitecommeunpro.fr\/?s={search_term_string}"},"query-input":{"@type":"PropertyValueSpecification","valueRequired":true,"valueName":"search_term_string"}}],"inLanguage":"fr-FR"}]}},"_links":{"self":[{"href":"https:\/\/site17.monsitecommeunpro.fr\/index.php?rest_route=\/wp\/v2\/pages\/114","targetHints":{"allow":["GET"]}}],"collection":[{"href":"https:\/\/site17.monsitecommeunpro.fr\/index.php?rest_route=\/wp\/v2\/pages"}],"about":[{"href":"https:\/\/site17.monsitecommeunpro.fr\/index.php?rest_route=\/wp\/v2\/types\/page"}],"author":[{"embeddable":true,"href":"https:\/\/site17.monsitecommeunpro.fr\/index.php?rest_route=\/wp\/v2\/users\/1"}],"replies":[{"embeddable":true,"href":"https:\/\/site17.monsitecommeunpro.fr\/index.php?rest_route=%2Fwp%2Fv2%2Fcomments&post=114"}],"version-history":[{"count":5,"href":"https:\/\/site17.monsitecommeunpro.fr\/index.php?rest_route=\/wp\/v2\/pages\/114\/revisions"}],"predecessor-version":[{"id":140,"href":"https:\/\/site17.monsitecommeunpro.fr\/index.php?rest_route=\/wp\/v2\/pages\/114\/revisions\/140"}],"wp:attachment":[{"href":"https:\/\/site17.monsitecommeunpro.fr\/index.php?rest_route=%2Fwp%2Fv2%2Fmedia&parent=114"}],"curies":[{"name":"wp","href":"https:\/\/api.w.org\/{rel}","templated":true}]}}